{"id":921,"date":"2015-01-08T14:17:12","date_gmt":"2015-01-08T14:17:12","guid":{"rendered":"http:\/\/localhost:8888\/construction\/?page_id=2"},"modified":"2021-09-06T05:44:25","modified_gmt":"2021-09-06T05:44:25","slug":"services","status":"publish","type":"page","link":"https:\/\/fecomico.org\/?page_id=921","title":{"rendered":"COOPERATIVES"},"content":{"rendered":"<div id=\"pl-921\"  class=\"panel-layout\" ><div id=\"pg-921-0\"  class=\"panel-grid panel-no-style\" ><div id=\"pgc-921-0-0\"  class=\"panel-grid-cell\" ><div id=\"panel-921-0-0-0\" class=\"so-panel widget widget_qt_feature_page widget-featured-page panel-first-child panel-last-child\" data-index=\"0\" >\n\t\t\t<div class=\"post-item page\">\n\t\t\t\t\t\t\t\t\t<a href=\"https:\/\/fecomico.org\/?page_id=673\" class=\"post-item-image\">\n\t\t\t\t\t\t<img loading=\"lazy\" decoding=\"async\" src=\"https:\/\/fecomico.org\/wp-content\/uploads\/2020\/09\/DSC00229-360x240.jpg\" width=\"360\" height=\"240\" srcset=\"https:\/\/fecomico.org\/wp-content\/uploads\/2020\/09\/DSC00229-360x240.jpg 360w, https:\/\/fecomico.org\/wp-content\/uploads\/2020\/09\/DSC00229-850x567.jpg 850w\" sizes=\"auto, (min-width: 781px) 360px, calc(100vw - 30px)\" alt=\"COOPEMASHA\">\n\t\t\t\t\t\t\t\t\t\t\t\t\t<div class=\"overlay\">\n\t\t\t\t\t\t\t\t<div class=\"vertical-center\">\n\t\t\t\t\t\t\t\t\t<span>Lire Plus<\/span>\n\t\t\t\t\t\t\t\t<\/div>\n\t\t\t\t\t\t\t<\/div>\n\t\t\t\t\t\t\t\t\t\t\t<\/a>\n\t\t\t\t\t\t\t\t<h5 class=\"title\">\n\t\t\t\t\t<a href=\"https:\/\/fecomico.org\/?page_id=673\">COOPEMASHA<\/a>\n\t\t\t\t<\/h5>\n\t\t\t\t\t\t\t\t\t<p>\n\n\n\n\n\n\n\n\n\n\n\n\n\n\t\t\t\u00a0 \u00a0 \u00a0 \u00a0 \u00a0 \u00a0 \u00a0 \u00a0 \u00a0 \u00a0 \u00a0 \u00a0 \u00a0 \u00a0 \u00a0 \u00a0 \u00a0 \u00a0 \u00a0 \u00a0 \n\u00a0\u00a0\u00a0\u00a0\u00a0\u00a0\u00a0\u00a0\u00a0\u00a0\u00a0\u00a0\u00a0\u00a0\u00a0\u00a0\u00a0\u00a0\u00a0\u00a0\u00a0 I. Identification de la soci\u00e9t\u00e9\n\nRaison sociale\u00a0: Coop\u00e9rative...<\/p>\n\t\t\t\t\t\t\t\t\t\t\t<a href=\"https:\/\/fecomico.org\/?page_id=673\" class=\"more\">Lire Plus<\/a>\n\t\t\t\t\t\t\t\t\t\t\t\t<\/div>\n\n\t\t\t<\/div><\/div><div id=\"pgc-921-0-1\"  class=\"panel-grid-cell\" ><div id=\"panel-921-0-1-0\" class=\"so-panel widget widget_qt_feature_page widget-featured-page panel-first-child panel-last-child\" data-index=\"1\" >\n\t\t\t<div class=\"post-item page\">\n\t\t\t\t\t\t\t\t\t<a href=\"https:\/\/fecomico.org\/?page_id=7573\" class=\"post-item-image\">\n\t\t\t\t\t\t<img loading=\"lazy\" decoding=\"async\" src=\"https:\/\/fecomico.org\/wp-content\/uploads\/2020\/11\/8-360x240.jpg\" width=\"360\" height=\"240\" srcset=\"https:\/\/fecomico.org\/wp-content\/uploads\/2020\/11\/8-360x240.jpg 360w, https:\/\/fecomico.org\/wp-content\/uploads\/2020\/11\/8-850x567.jpg 850w\" sizes=\"auto, (min-width: 781px) 360px, calc(100vw - 30px)\" alt=\"COMIDEA\">\n\t\t\t\t\t\t\t\t\t\t\t\t\t<div class=\"overlay\">\n\t\t\t\t\t\t\t\t<div class=\"vertical-center\">\n\t\t\t\t\t\t\t\t\t<span>Lire Plus<\/span>\n\t\t\t\t\t\t\t\t<\/div>\n\t\t\t\t\t\t\t<\/div>\n\t\t\t\t\t\t\t\t\t\t\t<\/a>\n\t\t\t\t\t\t\t\t<h5 class=\"title\">\n\t\t\t\t\t<a href=\"https:\/\/fecomico.org\/?page_id=7573\">COMIDEA<\/a>\n\t\t\t\t<\/h5>\n\t\t\t\t\t\t\t\t\t<p>\n\t\t\tLA COMIDEA, Coop\u00e9rative int\u00e9ressante pour les investisseurs et les partenaires\nLa Coop\u00e9rative Mini\u00e8re des Exploitants Artisanaux, COMIDEA en sigle, cr\u00e9\u00e9e en 2010, en Territoire...<\/p>\n\t\t\t\t\t\t\t\t\t\t\t<a href=\"https:\/\/fecomico.org\/?page_id=7573\" class=\"more\">Lire Plus<\/a>\n\t\t\t\t\t\t\t\t\t\t\t\t<\/div>\n\n\t\t\t<\/div><\/div><div id=\"pgc-921-0-2\"  class=\"panel-grid-cell\" ><div id=\"panel-921-0-2-0\" class=\"so-panel widget widget_qt_feature_page widget-featured-page panel-first-child panel-last-child\" data-index=\"2\" >\n\t\t\t<div class=\"post-item page\">\n\t\t\t\t\t\t\t\t\t<a href=\"https:\/\/fecomico.org\/?page_id=667\" class=\"post-item-image\">\n\t\t\t\t\t\t<img loading=\"lazy\" decoding=\"async\" src=\"https:\/\/fecomico.org\/wp-content\/uploads\/2020\/11\/P1030357-360x240.jpg\" width=\"360\" height=\"240\" srcset=\"https:\/\/fecomico.org\/wp-content\/uploads\/2020\/11\/P1030357-360x240.jpg 360w, https:\/\/fecomico.org\/wp-content\/uploads\/2020\/11\/P1030357-850x567.jpg 850w\" sizes=\"auto, (min-width: 781px) 360px, calc(100vw - 30px)\" alt=\"COOMITU\">\n\t\t\t\t\t\t\t\t\t\t\t\t\t<div class=\"overlay\">\n\t\t\t\t\t\t\t\t<div class=\"vertical-center\">\n\t\t\t\t\t\t\t\t\t<span>Lire Plus<\/span>\n\t\t\t\t\t\t\t\t<\/div>\n\t\t\t\t\t\t\t<\/div>\n\t\t\t\t\t\t\t\t\t\t\t<\/a>\n\t\t\t\t\t\t\t\t<h5 class=\"title\">\n\t\t\t\t\t<a href=\"https:\/\/fecomico.org\/?page_id=667\">COOMITU<\/a>\n\t\t\t\t<\/h5>\n\t\t\t\t\t\t\t\t\t<p>\n\t\t\tPRESENTATION DE COOMITU\nPr\u00e9sentation de la COOMITU: \nLa coop\u00e9rative Mini\u00e8re Tuungane \u00a0COOMITU a \u00e9t\u00e9 cr\u00e9\u00e9 en 2009, en Territoire de Mwenga plus pr\u00e9cis\u00e9ment \u00e0 Mwenga Centre,...<\/p>\n\t\t\t\t\t\t\t\t\t\t\t<a href=\"https:\/\/fecomico.org\/?page_id=667\" class=\"more\">Lire Plus<\/a>\n\t\t\t\t\t\t\t\t\t\t\t\t<\/div>\n\n\t\t\t<\/div><\/div><\/div><div id=\"pg-921-1\"  class=\"panel-grid panel-no-style\" ><div id=\"pgc-921-1-0\"  class=\"panel-grid-cell\" ><div id=\"panel-921-1-0-0\" class=\"so-panel widget widget_qt_feature_page widget-featured-page panel-first-child panel-last-child\" data-index=\"3\" >\n\t\t\t<div class=\"post-item page\">\n\t\t\t\t\t\t\t\t\t<a href=\"https:\/\/fecomico.org\/?page_id=670\" class=\"post-item-image\">\n\t\t\t\t\t\t<img loading=\"lazy\" decoding=\"async\" src=\"https:\/\/fecomico.org\/wp-content\/uploads\/2020\/11\/P1030440-360x240.jpg\" width=\"360\" height=\"240\" srcset=\"https:\/\/fecomico.org\/wp-content\/uploads\/2020\/11\/P1030440-360x240.jpg 360w, https:\/\/fecomico.org\/wp-content\/uploads\/2020\/11\/P1030440-850x567.jpg 850w\" sizes=\"auto, (min-width: 781px) 360px, calc(100vw - 30px)\" alt=\"COOMILU\">\n\t\t\t\t\t\t\t\t\t\t\t\t\t<div class=\"overlay\">\n\t\t\t\t\t\t\t\t<div class=\"vertical-center\">\n\t\t\t\t\t\t\t\t\t<span>Lire Plus<\/span>\n\t\t\t\t\t\t\t\t<\/div>\n\t\t\t\t\t\t\t<\/div>\n\t\t\t\t\t\t\t\t\t\t\t<\/a>\n\t\t\t\t\t\t\t\t<h5 class=\"title\">\n\t\t\t\t\t<a href=\"https:\/\/fecomico.org\/?page_id=670\">COOMILU<\/a>\n\t\t\t\t<\/h5>\n\t\t\t\t\t\t\t\t\t<p>\n\t\t\t\n\t\t\n\n\n\n\t\t\tPRESENTATION DE LA COOMILU\ncr\u00e9\u00e9e en 2012 dans le territoire de Mwenga groupement de Babulinzi\u2026\u2026par Joseph Balandilwa, Jules Lwesso et Timoth\u00e9e Muhindo, la coop\u00e9rative...<\/p>\n\t\t\t\t\t\t\t\t\t\t\t<a href=\"https:\/\/fecomico.org\/?page_id=670\" class=\"more\">Lire Plus<\/a>\n\t\t\t\t\t\t\t\t\t\t\t\t<\/div>\n\n\t\t\t<\/div><\/div><div id=\"pgc-921-1-1\"  class=\"panel-grid-cell\" ><div id=\"panel-921-1-1-0\" class=\"so-panel widget widget_qt_feature_page widget-featured-page panel-first-child panel-last-child\" data-index=\"4\" >\n\t\t\t<div class=\"post-item page\">\n\t\t\t\t\t\t\t\t\t<a href=\"https:\/\/fecomico.org\/?page_id=7654\" class=\"post-item-image\">\n\t\t\t\t\t\t<img loading=\"lazy\" decoding=\"async\" src=\"https:\/\/fecomico.org\/wp-content\/uploads\/2021\/07\/Capture-360x240.png\" width=\"360\" height=\"240\" srcset=\"https:\/\/fecomico.org\/wp-content\/uploads\/2021\/07\/Capture-360x240.png 360w, https:\/\/fecomico.org\/wp-content\/uploads\/2021\/07\/Capture.png 705w\" sizes=\"auto, (min-width: 781px) 360px, calc(100vw - 30px)\" alt=\"COOMIANGWE\">\n\t\t\t\t\t\t\t\t\t\t\t\t\t<div class=\"overlay\">\n\t\t\t\t\t\t\t\t<div class=\"vertical-center\">\n\t\t\t\t\t\t\t\t\t<span>Lire Plus<\/span>\n\t\t\t\t\t\t\t\t<\/div>\n\t\t\t\t\t\t\t<\/div>\n\t\t\t\t\t\t\t\t\t\t\t<\/a>\n\t\t\t\t\t\t\t\t<h5 class=\"title\">\n\t\t\t\t\t<a href=\"https:\/\/fecomico.org\/?page_id=7654\">COOMIANGWE<\/a>\n\t\t\t\t<\/h5>\n\t\t\t\t\t\t\t\t\t<p>\t\t\tLa Coop\u00e9rative Mini\u00e9re et Agricole de Ngweshe &lt;&lt;COMIANGWE\u00bb dont le siege est \u00e9tabli dans la localit\u00e9 de NYAMURHALI, Chefferie de Ngweshe, Territoire de Walungu, Province...<\/p>\n\t\t\t\t\t\t\t\t\t\t\t<a href=\"https:\/\/fecomico.org\/?page_id=7654\" class=\"more\">Lire Plus<\/a>\n\t\t\t\t\t\t\t\t\t\t\t\t<\/div>\n\n\t\t\t<\/div><\/div><div id=\"pgc-921-1-2\"  class=\"panel-grid-cell\" ><div id=\"panel-921-1-2-0\" class=\"so-panel widget widget_qt_feature_page widget-featured-page panel-first-child panel-last-child\" data-index=\"5\" >\n\t\t\t<div class=\"post-item page\">\n\t\t\t\t\t\t\t\t\t<a href=\"https:\/\/fecomico.org\/?page_id=7695\" class=\"post-item-image\">\n\t\t\t\t\t\t<img loading=\"lazy\" decoding=\"async\" src=\"https:\/\/fecomico.org\/wp-content\/uploads\/2020\/09\/DSC00214-360x240.jpg\" width=\"360\" height=\"240\" srcset=\"https:\/\/fecomico.org\/wp-content\/uploads\/2020\/09\/DSC00214-360x240.jpg 360w, https:\/\/fecomico.org\/wp-content\/uploads\/2020\/09\/DSC00214-850x567.jpg 850w\" sizes=\"auto, (min-width: 781px) 360px, calc(100vw - 30px)\" alt=\"CAMIT\">\n\t\t\t\t\t\t\t\t\t\t\t\t\t<div class=\"overlay\">\n\t\t\t\t\t\t\t\t<div class=\"vertical-center\">\n\t\t\t\t\t\t\t\t\t<span>Lire Plus<\/span>\n\t\t\t\t\t\t\t\t<\/div>\n\t\t\t\t\t\t\t<\/div>\n\t\t\t\t\t\t\t\t\t\t\t<\/a>\n\t\t\t\t\t\t\t\t<h5 class=\"title\">\n\t\t\t\t\t<a href=\"https:\/\/fecomico.org\/?page_id=7695\">CAMIT<\/a>\n\t\t\t\t<\/h5>\n\t\t\t\t\t\t\t\t\t<p>\n\t\t\tLa coop\u00e9rative Agro-Mini\u00e8re de Tshienda &lt;&lt;CAMIT\u00bb ne peut effectuer les travaux d&#8217;exploitation artisanale que dans une Zone d&#8217;Exploitation Artisanale(ZEA) \u00e0...<\/p>\n\t\t\t\t\t\t\t\t\t\t\t<a href=\"https:\/\/fecomico.org\/?page_id=7695\" class=\"more\">Lire Plus<\/a>\n\t\t\t\t\t\t\t\t\t\t\t\t<\/div>\n\n\t\t\t<\/div><\/div><\/div><div id=\"pg-921-2\"  class=\"panel-grid panel-no-style\" ><div id=\"pgc-921-2-0\"  class=\"panel-grid-cell\" ><div id=\"panel-921-2-0-0\" class=\"so-panel widget widget_qt_feature_page widget-featured-page panel-first-child panel-last-child\" data-index=\"6\" >\n\t\t\t<div class=\"post-item page\">\n\t\t\t\t\t\t\t\t\t<a href=\"https:\/\/fecomico.org\/?page_id=7739\" class=\"post-item-image\">\n\t\t\t\t\t\t<img loading=\"lazy\" decoding=\"async\" src=\"https:\/\/fecomico.org\/wp-content\/uploads\/2020\/09\/DSC00382-360x240.jpg\" width=\"360\" height=\"240\" srcset=\"https:\/\/fecomico.org\/wp-content\/uploads\/2020\/09\/DSC00382-360x240.jpg 360w, https:\/\/fecomico.org\/wp-content\/uploads\/2020\/09\/DSC00382-850x567.jpg 850w\" sizes=\"auto, (min-width: 781px) 360px, calc(100vw - 30px)\" alt=\"COOMIPO\">\n\t\t\t\t\t\t\t\t\t\t\t\t\t<div class=\"overlay\">\n\t\t\t\t\t\t\t\t<div class=\"vertical-center\">\n\t\t\t\t\t\t\t\t\t<span>Lire Plus<\/span>\n\t\t\t\t\t\t\t\t<\/div>\n\t\t\t\t\t\t\t<\/div>\n\t\t\t\t\t\t\t\t\t\t\t<\/a>\n\t\t\t\t\t\t\t\t<h5 class=\"title\">\n\t\t\t\t\t<a href=\"https:\/\/fecomico.org\/?page_id=7739\">COOMIPO<\/a>\n\t\t\t\t<\/h5>\n\t\t\t\t\t\t\t\t\t<p>\nLa Coop\u00e9rative Mini\u00e8re de POWE &lt;&lt; COOMIPO&gt;&gt; en sigle dont le si\u00e8ge social se trouve \u00e0 BUZI et connu par le minist\u00e8re provincial par l&#039;avis favorable N\/R\u00e9f: 418\/CAB\/MIN\/SK\/2012...<\/p>\n\t\t\t\t\t\t\t\t\t\t\t<a href=\"https:\/\/fecomico.org\/?page_id=7739\" class=\"more\">Lire Plus<\/a>\n\t\t\t\t\t\t\t\t\t\t\t\t<\/div>\n\n\t\t\t<\/div><\/div><div id=\"pgc-921-2-1\"  class=\"panel-grid-cell\" ><div id=\"panel-921-2-1-0\" class=\"so-panel widget widget_qt_feature_page widget-featured-page panel-first-child panel-last-child\" data-index=\"7\" >\n\t\t\t<div class=\"post-item page\">\n\t\t\t\t\t\t\t\t<h5 class=\"title\">\n\t\t\t\t\t<a href=\"https:\/\/fecomico.org\/?page_id=664\">COMINAGRI<\/a>\n\t\t\t\t<\/h5>\n\t\t\t\t\t\t\t\t\t<p>\n\t\t\t\n\t\t\n<\/p>\n\t\t\t\t\t\t\t\t\t\t\t<a href=\"https:\/\/fecomico.org\/?page_id=664\" class=\"more\">Lire Plus<\/a>\n\t\t\t\t\t\t\t\t\t\t\t\t<\/div>\n\n\t\t\t<\/div><\/div><div id=\"pgc-921-2-2\"  class=\"panel-grid-cell\" ><div id=\"panel-921-2-2-0\" class=\"so-panel widget widget_qt_feature_page widget-featured-page panel-first-child panel-last-child\" data-index=\"8\" >\n\t\t\t<div class=\"post-item page\">\n\t\t\t\t\t\t\t\t<h5 class=\"title\">\n\t\t\t\t\t<a href=\"https:\/\/fecomico.org\/?page_id=661\">COOMIALO<\/a>\n\t\t\t\t<\/h5>\n\t\t\t\t\t\t\t<\/div>\n\n\t\t\t<\/div><\/div><\/div><div id=\"pg-921-3\"  class=\"panel-grid panel-no-style\" ><div id=\"pgc-921-3-0\"  class=\"panel-grid-cell\" ><div id=\"panel-921-3-0-0\" class=\"so-panel widget widget_qt_feature_page widget-featured-page panel-first-child panel-last-child\" data-index=\"9\" >\n\t\t\t<div class=\"post-item page\">\n\t\t\t\t\t\t\t\t<h5 class=\"title\">\n\t\t\t\t\t<a href=\"https:\/\/fecomico.org\/?page_id=676\">COMICAS<\/a>\n\t\t\t\t<\/h5>\n\t\t\t\t\t\t\t<\/div>\n\n\t\t\t<\/div><\/div><div id=\"pgc-921-3-1\"  class=\"panel-grid-cell panel-grid-cell-empty panel-grid-cell-mobile-last\" ><\/div><div id=\"pgc-921-3-2\"  class=\"panel-grid-cell panel-grid-cell-empty\" ><\/div><\/div><\/div>","protected":false},"excerpt":{"rendered":"<p>Lire Plus COOPEMASHA \u00a0 \u00a0 \u00a0 \u00a0 \u00a0 \u00a0 \u00a0 \u00a0 \u00a0 \u00a0 \u00a0 \u00a0 \u00a0 \u00a0 \u00a0 \u00a0 \u00a0 \u00a0 \u00a0 \u00a0 \u00a0\u00a0\u00a0\u00a0\u00a0\u00a0\u00a0\u00a0\u00a0\u00a0\u00a0\u00a0\u00a0\u00a0\u00a0\u00a0\u00a0\u00a0\u00a0\u00a0\u00a0 I. Identification de la soci\u00e9t\u00e9 Raison sociale\u00a0: Coop\u00e9rative&#8230; Lire Plus Lire Plus COMIDEA LA COMIDEA, Coop\u00e9rative int\u00e9ressante pour les investisseurs et les partenaires La Coop\u00e9rative Mini\u00e8re des Exploitants Artisanaux, COMIDEA en [&hellip;]<\/p>\n","protected":false},"author":1,"featured_media":0,"parent":0,"menu_order":0,"comment_status":"open","ping_status":"open","template":"","meta":{"two_page_speed":[],"footnotes":""},"class_list":["post-921","page","type-page","status-publish","hentry"],"_links":{"self":[{"href":"https:\/\/fecomico.org\/index.php?rest_route=\/wp\/v2\/pages\/921","targetHints":{"allow":["GET"]}}],"collection":[{"href":"https:\/\/fecomico.org\/index.php?rest_route=\/wp\/v2\/pages"}],"about":[{"href":"https:\/\/fecomico.org\/index.php?rest_route=\/wp\/v2\/types\/page"}],"author":[{"embeddable":true,"href":"https:\/\/fecomico.org\/index.php?rest_route=\/wp\/v2\/users\/1"}],"replies":[{"embeddable":true,"href":"https:\/\/fecomico.org\/index.php?rest_route=%2Fwp%2Fv2%2Fcomments&post=921"}],"version-history":[{"count":24,"href":"https:\/\/fecomico.org\/index.php?rest_route=\/wp\/v2\/pages\/921\/revisions"}],"predecessor-version":[{"id":7742,"href":"https:\/\/fecomico.org\/index.php?rest_route=\/wp\/v2\/pages\/921\/revisions\/7742"}],"wp:attachment":[{"href":"https:\/\/fecomico.org\/index.php?rest_route=%2Fwp%2Fv2%2Fmedia&parent=921"}],"curies":[{"name":"wp","href":"https:\/\/api.w.org\/{rel}","templated":true}]}}